{"id":455,"date":"2020-05-09T16:10:38","date_gmt":"2020-05-09T14:10:38","guid":{"rendered":"https:\/\/web.reynesadvocat.com\/qui-soc\/"},"modified":"2021-11-19T12:29:51","modified_gmt":"2021-11-19T11:29:51","slug":"equipo","status":"publish","type":"page","link":"https:\/\/www.reynesadvocat.com\/es\/equipo\/","title":{"rendered":"Equipo"},"content":{"rendered":"<div class=\"wpb-content-wrapper\"><p>[vc_row full_width=\u00bbstretch_row_content\u00bb equal_height=\u00bbyes\u00bb content_placement=\u00bbmiddle\u00bb el_class=\u00bbinvert\u00bb][vc_column width=\u00bb5\/12&#8243; css=\u00bb.vc_custom_1589538925319{background-color: #ffffff !important;}\u00bb el_class=\u00bboverlay-div\u00bb][vc_column_text el_class=\u00bbjustify\u00bb css=\u00bb.vc_custom_1637064531054{margin-bottom: 0px !important;padding-bottom: 0px !important;}\u00bb]<\/p>\n<h2>\u00bfQUI\u00c9N SOY?<\/h2>\n<p>Soy <strong>Ricard Reyn\u00e9s<\/strong>, abogado laboralista con la vocaci\u00f3n de ayudar a las personas . Desde que me licenci\u00e9 como abogado &#8211; ya hace una quincena de a\u00f1os &#8211; me he dedicado al Derecho del Trabajo y de la Seguridad Social , muy mayoritariamente en la defensa de trabajadores y trabajadoras.<\/p>\n<p>Conozco el mundo del trabajo porque quiz\u00e1s el servicio, el trabajo u oficio que usted realiza yo ya lo he realizado. S\u00e9 el esfuerzo que exige el comercio, la hosteler\u00eda, una ETT, el textil, la banca, la f\u00e1brica, el peque\u00f1o taller e incluso el campo y lo que nos cuesta y nos da personalmente cada gota de sudor. Para pagar mi formaci\u00f3n combinaba los estudios con estos trabajos.<\/p>\n<p>Ahora tambi\u00e9n conozco el reto que supone desplegar un negocio como abogado aut\u00f3nomo, con la voluntad de generar puestos de trabajo y oportunidades de progreso.<\/p>\n<p>Esta experiencia laboral me ha dado conciencia, proximidad y unos conocimientos muy especializados que me permiten ofrecer el asesoramiento integral que usted necesita, comprender lo que usted quiere y obtenerle los m\u00e1ximos beneficios.<\/p>\n<p>He asesorado y representado judicialmente a trabajadores, funcionarios, mutuas, ayuntamientos, gestor\u00edas, peque\u00f1as y medianas empresas. Y tambi\u00e9n los he demandado. Puedo entender c\u00f3mo piensa nuestro contrario. \u00bfEsto le ofrece una ventaja clara, no cree?[\/vc_column_text][\/vc_column][vc_column width=\u00bb7\/12&#8243; css=\u00bb.vc_custom_1637321333505{background-image: url(https:\/\/www.reynesadvocat.com\/wp-content\/uploads\/2020\/08\/qui-soc-2.jpg?id=581) !important;background-position: center !important;background-repeat: no-repeat !important;background-size: cover !important;}\u00bb el_class=\u00bbfoto-qui-soc\u00bb][\/vc_column][\/vc_row][vc_row full_width=\u00bbstretch_row_content\u00bb equal_height=\u00bbyes\u00bb content_placement=\u00bbtop\u00bb el_class=\u00bbshadow-up\u00bb][vc_column width=\u00bb1\/2&#8243; css=\u00bb.vc_custom_1589541744088{padding-top: 60px !important;padding-right: 60px !important;padding-bottom: 60px !important;padding-left: 60px !important;}\u00bb el_class=\u00bbbeig\u00bb][vc_column_text el_class=\u00bbjustify\u00bb css=\u00bb.vc_custom_1589646657302{margin-bottom: 0px !important;}\u00bb]<\/p>\n<h2>COMPROMISO<\/h2>\n<p>Soy consciente de que la confianza del cliente se gana desde el inicio y se debe mantener hasta la resoluci\u00f3n del problema. El servicio cercano, accesible, t\u00e9cnico, met\u00f3dico y eficaz es la forma de gan\u00e1rmela.<\/p>\n<p>Soy una persona resolutiva que procura solucionar los casos de la manera m\u00e1s r\u00e1pida y econ\u00f3mica para mi cliente &#8211; mejor si puede ser con un acuerdo razonable antes de presentar demanda &#8211; pero no dudo en acudir a los juzgados y tribunales en defensa de mis clientes si la parte adversa pretende imponernos una situaci\u00f3n injusta.<\/p>\n<p><strong>Ayudar\u00e9 siempre a quien necesite la defensa de un derecho leg\u00edtimo y un inter\u00e9s justo.<\/strong><\/p>\n<p><strong>RICARD REYN\u00c9S I GRACIAN<\/strong><br \/>\nAbogado ICAG[\/vc_column_text][\/vc_column][vc_column width=\u00bb1\/2&#8243; css=\u00bb.vc_custom_1589541751355{padding-top: 60px !important;padding-right: 60px !important;padding-bottom: 60px !important;padding-left: 60px !important;background-color: #f7f6f4 !important;}\u00bb el_class=\u00bbno-beig\u00bb][vc_column_text el_class=\u00bbjustify\u00bb css=\u00bb.vc_custom_1589639872004{margin-bottom: 0px !important;}\u00bb]<\/p>\n<h2>T\u00cdTULOS ACAD\u00c9MICOS<\/h2>\n<p>Licenciado en Derecho por la Universidad de Alcal\u00e1 de Henares, UAH (Madrid).<\/p>\n<p>Graduado en la Escuela de Pr\u00e1ctica Jur\u00eddica del Ilustre Colegio de Abogados de Girona.<\/p>\n<p>M\u00e1ster en Derecho del Trabajo y de la Seguridad Social (IDEC-UPF) Universidad Pompeu Fabra 2009-2010.<\/p>\n<p>Postgrado en Derecho del trabajo y Seguridad Social UdG 2019- 2020.[\/vc_column_text][\/vc_column][\/vc_row][vc_row full_width=\u00bbstretch_row_content\u00bb css=\u00bb.vc_custom_1589277540818{padding-top: 30px !important;padding-right: 30px !important;padding-bottom: 30px !important;padding-left: 30px !important;background-color: #000000 !important;}\u00bb][vc_column][vc_column_text el_class=\u00bbcenter white-big\u00bb]<i class=\"icomoon-the7-font-the7-comment-01\"><\/i> \u00a0\u00a0Estoy especializado en accidentes de trabajo, despidos, ERE y ERTO, falsos aut\u00f3nomos en la administraci\u00f3n y acoso moral.<\/p>\n<p>Tanto si eres personal laboral, estatutario, funcionario, cooperativista, trabajador aut\u00f3nomo, trade o empresa.[\/vc_column_text][\/vc_column][\/vc_row][vc_row full_width=\u00bbstretch_row_content\u00bb equal_height=\u00bbyes\u00bb content_placement=\u00bbtop\u00bb][vc_column width=\u00bb1\/2&#8243; css=\u00bb.vc_custom_1589542563040{padding-top: 60px !important;padding-right: 60px !important;padding-bottom: 60px !important;padding-left: 60px !important;background-color: #f7f6f4 !important;}\u00bb el_class=\u00bbbeig\u00bb][vc_column_text el_class=\u00bbjustify\u00bb css=\u00bb.vc_custom_1635505684530{margin-bottom: 0px !important;}\u00bb]<\/p>\n<h2>\u00bfPOR QU\u00c9 CONTRATAR REYN\u00c9S ADVOCAT?<\/h2>\n<p>En mi opini\u00f3n un abogado laboralista debe conocer la regulaci\u00f3n laboral pero tambi\u00e9n la de la Seguridad Social, pues son complementarias. SOY ESPECIALISTA EN AMBAS y esto es una ventaja clara para usted. Por qu\u00e9?<\/p>\n<p>He tenido que asesorar muchas veces \u2013y a veces sin soluci\u00f3n posible- a clientes que me han llegado por denegaciones de la solicitud de paro, de incapacidad temporal (baja m\u00e9dica), de la invalidez (Incapacidad permanente) o de la jubilaci\u00f3n anticipada (Seguridad Social) debido a asuntos laborales mal gestionados, dando lugar por ejemplo a que el cliente no pod\u00eda cobrar la baja, no pod\u00eda solicitar la incapacidad permanente o no se pod\u00eda jubilar anticipadamente, con la consiguiente p\u00e9rdida en la prestaci\u00f3n y en la calidad de vida. Le estoy dando la oportunidad de no cometer el mismo error y de disfrutar una experiencia satisfactoria.[\/vc_column_text][\/vc_column][vc_column width=\u00bb1\/2&#8243; css=\u00bb.vc_custom_1589542572142{padding-top: 60px !important;padding-right: 60px !important;padding-bottom: 60px !important;padding-left: 60px !important;}\u00bb el_class=\u00bbno-beig\u00bb][vc_column_text el_class=\u00bbjustify\u00bb css=\u00bb.vc_custom_1589640168885{margin-bottom: 0px !important;}\u00bb]<\/p>\n<h2>RESUELVO SUS PROBLEMAS LEGALES<\/h2>\n<p>Para la mayor\u00eda de las personas necesitar a un abogado es algo muy excepcional. S\u00e9 que cuando se recurre a un abogado se hace s\u00f3lo por necesidad, con mucho de estr\u00e9s y con cierta frustraci\u00f3n . Pero sobre todo con la inquietud por la situaci\u00f3n presente y futura, especialmente la salud y la econom\u00eda de las que a veces depende la familia. Ante esta situaci\u00f3n complicada, confusa y adversa mi respuesta es la \u00fanica posible:<\/p>\n<p><strong>TE ATIENDO<\/strong> personalmente, <strong>TE ASESORO<\/strong> legalmente, <strong>ACTUO<\/strong> eficazmente y <strong>RESUELVO<\/strong> tus problemas legales <strong>CON SEGURIDAD<\/strong> y as\u00ed conseguir la mejora de tus ingresos y condiciones laborales.<\/p>\n<p>PREPARO INDIVIDUALMENTE CADA CASO PORQUE S\u00c9 LO QUE HAY QUE HACER PARA GANARLO: tanto la negociaci\u00f3n previa, como en juicio, como en la fase de recurso en la que finalice el caso ante los Tribunales.[\/vc_column_text][\/vc_column][\/vc_row][vc_row full_width=\u00bbstretch_row_content\u00bb equal_height=\u00bbyes\u00bb content_placement=\u00bbtop\u00bb el_class=\u00bbshadow-down\u00bb][vc_column width=\u00bb1\/2&#8243; css=\u00bb.vc_custom_1589542583592{padding-top: 60px !important;padding-right: 60px !important;padding-bottom: 60px !important;padding-left: 60px !important;}\u00bb el_class=\u00bbbeig\u00bb][vc_column_text el_class=\u00bbjustify\u00bb css=\u00bb.vc_custom_1589640212120{margin-bottom: 0px !important;}\u00bb]<\/p>\n<h2>ESTOY ESPECIALIZADO EN SEGURIDAD SOCIAL<\/h2>\n<p>Sepa que le acompa\u00f1ar\u00e9 legalmente en el camino y que no estar\u00e1 solo\/a . S\u00e9 que depositar\u00e1 en m\u00ed su mayor confianza: le dar\u00e9 mis mejores consejos y luchar\u00e9 por usted, por su recuperaci\u00f3n econ\u00f3mica, liber\u00e1ndole de asumir la carga de un problema legal que le supera. S\u00f3lo as\u00ed se podr\u00e1 concentrar en su salud f\u00edsica y emocional y en sus intereses personales: recuperar su calidad de vida.<\/p>\n<p>En las reclamaciones en materia de incapacidad temporal e incapacidad permanente de la seguridad social me coordino con su perito m\u00e9dico o le busco el m\u00e9dico forense que se adapte a sus necesidades con el fin de conseguir el resultado deseado: que le reconozcan su enfermedad y la prestaci\u00f3n correspondiente.[\/vc_column_text][\/vc_column][vc_column width=\u00bb1\/2&#8243; css=\u00bb.vc_custom_1589542591964{padding-top: 60px !important;padding-right: 60px !important;padding-bottom: 60px !important;padding-left: 60px !important;background-color: #f7f6f4 !important;}\u00bb el_class=\u00bbno-beig\u00bb][vc_column_text el_class=\u00bbjustify\u00bb css=\u00bb.vc_custom_1589646631571{margin-bottom: 0px !important;}\u00bb]<\/p>\n<h2>HONORARIOS<\/h2>\n<p>Mis precios se basan en tres criterios:<\/p>\n<p>1- Pensar en el cliente : est\u00e1n calculados en funci\u00f3n de la capacidad econ\u00f3mica media de un\/a trabajador\/a y ajustados a los precios de mercado que corresponde a un profesional experto, que aporta el mayor conocimiento y calidad al servicio.<\/p>\n<p>2- Ofrecer transparencia: los honorarios est\u00e1n fijados en una hoja de encargo, firmados por m\u00ed y son id\u00e9nticos para todos los clientes. As\u00ed usted desde la primera visita podr\u00e1 calcular los costes con total seguridad, sin sorpresas finales.<\/p>\n<p>3- Criterio de resultados: cobro unos m\u00ednimos por trabajo realizado. Si el resultado es satisfactorio aplico un porcentaje sobre la cantidad obtenida. \u00a1Si usted gana m\u00e1s, yo gano m\u00e1s! Nos interesa a ambos, \u00bfverdad?[\/vc_column_text][\/vc_column][\/vc_row][vc_row full_width=\u00bbstretch_row_content\u00bb equal_height=\u00bbyes\u00bb content_placement=\u00bbmiddle\u00bb el_class=\u00bbinvert\u00bb][vc_column width=\u00bb5\/12&#8243; css=\u00bb.vc_custom_1589538925319{background-color: #ffffff !important;}\u00bb el_class=\u00bboverlay-div\u00bb][vc_column_text el_class=\u00bbjustify\u00bb css=\u00bb.vc_custom_1637064519703{margin-bottom: 0px !important;padding-bottom: 0px !important;}\u00bb]<\/p>\n<h2>\u00bfQUI\u00c9N SOY?<\/h2>\n<p>Soy <strong>Joan Pujades<\/strong>, abogado civilista y mercantilista con amplia experiencia en el mundo del Derecho Civil y el Derecho de Empresa, dando siempre las mejores soluciones a personas y empresas.<\/p>\n<p>Con catorce a\u00f1os de experiencia he podido tratar, asesorar y negociar todo tipo de conflictos as\u00ed como asistir judicialmente a empresas y personas, y puedo aseverar que un excelente asesoramiento legal es de primordial importancia en el mundo complejo y competitivo en el que vivimos; es m\u00e1s, he podido comprobar que es de suma importancia en el mundo empresarial. Una empresa bien asesorada tiene much\u00edsimas m\u00e1s posibilidades de crecer y expandirse, tanto a nivel local como global. De hecho, casi el 50% de las empresas desaparecen en los primeros tres a\u00f1os y s\u00f3lo dos empresas de diez -el 20%- sobreviven en los cinco primeros a\u00f1os, de ah\u00ed la gran importancia de un buen asesoramiento.<\/p>\n<p>S\u00e9 por experiencia que un asesoramiento de calidad puede ser decisivo en la supervivencia del negocio y pasar a cotas de mayor volumen de negocio. Siempre es mejor actuar y prevenir cuando nos asolan las dudas que tener que reaccionar cuando el problema es evidente.[\/vc_column_text][\/vc_column][vc_column width=\u00bb7\/12&#8243; css=\u00bb.vc_custom_1637321381376{background-image: url(https:\/\/www.reynesadvocat.com\/wp-content\/uploads\/2021\/11\/joan-pujades-2.jpg?id=766) !important;background-position: center !important;background-repeat: no-repeat !important;background-size: cover !important;}\u00bb el_class=\u00bbfoto-qui-soc\u00bb][\/vc_column][\/vc_row][vc_row full_width=\u00bbstretch_row_content\u00bb equal_height=\u00bbyes\u00bb content_placement=\u00bbtop\u00bb el_class=\u00bbshadow-up\u00bb][vc_column width=\u00bb1\/2&#8243; css=\u00bb.vc_custom_1589541744088{padding-top: 60px !important;padding-right: 60px !important;padding-bottom: 60px !important;padding-left: 60px !important;}\u00bb el_class=\u00bbbeig\u00bb][vc_column_text el_class=\u00bbjustify\u00bb css=\u00bb.vc_custom_1637064554195{margin-bottom: 0px !important;}\u00bb]<\/p>\n<h2>COMPROMISO<\/h2>\n<p>Tengo muy claro que mi tarea es asesorar jur\u00eddicamente, resolver todas las cuestiones legales y superar obst\u00e1culos con los que se encuentran nuestros clientes y el crecimiento de sus negocios de la forma m\u00e1s r\u00e1pida y acertada, con un servicio completamente dedicado, cercano y transparente buscando, en todo caso, su satisfacci\u00f3n y tranquilidad, sea empresa o particular.<\/p>\n<p>Mi forma de trabajar es met\u00f3dica, proactiva, guiando s\u00f3lidamente a nuestro cliente frente a sus dudas y problemas, ya sea en la negociaci\u00f3n positiva extrajudicial o en la v\u00eda judicial.<\/p>\n<p><strong>El \u00e9xito de nuestros clientes es nuestro \u00e9xito.<\/strong>[\/vc_column_text][\/vc_column][vc_column width=\u00bb1\/2&#8243; css=\u00bb.vc_custom_1589541751355{padding-top: 60px !important;padding-right: 60px !important;padding-bottom: 60px !important;padding-left: 60px !important;background-color: #f7f6f4 !important;}\u00bb el_class=\u00bbno-beig\u00bb][vc_column_text el_class=\u00bbjustify\u00bb css=\u00bb.vc_custom_1637064564563{margin-bottom: 0px !important;}\u00bb]<\/p>\n<h2>T\u00cdTULOS ACAD\u00c9MICOS<\/h2>\n<p>Licenciado en Derecho por la Universidad de Girona, 2003-2008, habiendo realizado un curso completo en la University College London (UCL) 2006-2007, octava universidad en el ranking de universidades del mundo.<\/p>\n<p>English Legal Language expedido por la University College London (UCL), 2007.<\/p>\n<p>Curso de Impuesto sobre la Renta de las Personas F\u00edsicas (IRPF), Escola de Gesti\u00f3 Empresarial de Girona, 2014.[\/vc_column_text][\/vc_column][\/vc_row][vc_row full_width=\u00bbstretch_row_content\u00bb equal_height=\u00bbyes\u00bb content_placement=\u00bbmiddle\u00bb css=\u00bb.vc_custom_1623084642268{margin-top: 0px !important;margin-bottom: 0px !important;border-top-width: 1px !important;padding-top: 0px !important;padding-bottom: 0px !important;background-color: #252525 !important;border-top-color: #424242 !important;border-top-style: solid !important;}\u00bb el_class=\u00bbdueto\u00bb][vc_column width=\u00bb1\/2&#8243; css=\u00bb.vc_custom_1589537077338{padding-top: 60px !important;padding-right: 60px !important;padding-bottom: 10px !important;padding-left: 60px !important;}\u00bb el_class=\u00bbformulari-general\u00bb][vc_column_text el_class=\u00bbh4-title\u00bb css=\u00bb.vc_custom_1621247322503{margin-bottom: 50px !important;}\u00bb]<\/p>\n<h4>Contacta conmigo<\/h4>\n<p>[\/vc_column_text]\n<div class=\"wpcf7 no-js\" id=\"wpcf7-f499-o1\" lang=\"es-ES\" dir=\"ltr\" data-wpcf7-id=\"499\">\n<div class=\"screen-reader-response\"><p role=\"status\" aria-live=\"polite\" aria-atomic=\"true\"><\/p> <ul><\/ul><\/div>\n<form action=\"\/es\/wp-json\/wp\/v2\/pages\/455#wpcf7-f499-o1\" method=\"post\" class=\"wpcf7-form init\" aria-label=\"Formulario de contacto\" novalidate=\"novalidate\" data-status=\"init\">\n<fieldset class=\"hidden-fields-container\"><input type=\"hidden\" name=\"_wpcf7\" value=\"499\" \/><input type=\"hidden\" name=\"_wpcf7_version\" value=\"6.1.5\" \/><input type=\"hidden\" name=\"_wpcf7_locale\" value=\"es_ES\" \/><input type=\"hidden\" name=\"_wpcf7_unit_tag\" value=\"wpcf7-f499-o1\" \/><input type=\"hidden\" name=\"_wpcf7_container_post\" value=\"0\" \/><input type=\"hidden\" name=\"_wpcf7_posted_data_hash\" value=\"\" \/><input type=\"hidden\" name=\"_wpcf7_recaptcha_response\" value=\"\" \/>\n<\/fieldset>\n<p><span class=\"wpcf7-form-control-wrap\" data-name=\"nom\"><input size=\"40\" maxlength=\"400\" class=\"wpcf7-form-control wpcf7-text wpcf7-validates-as-required\" aria-required=\"true\" aria-invalid=\"false\" placeholder=\"Nombre y apellidos\" value=\"\" type=\"text\" name=\"nom\" \/><\/span><span class=\"wpcf7-form-control-wrap\" data-name=\"tel\"><input size=\"40\" maxlength=\"9\" minlength=\"9\" class=\"wpcf7-form-control wpcf7-tel wpcf7-validates-as-required wpcf7-text wpcf7-validates-as-tel\" aria-required=\"true\" aria-invalid=\"false\" placeholder=\"Tel\u00e9fono\" value=\"\" type=\"tel\" name=\"tel\" \/><\/span><span class=\"wpcf7-form-control-wrap\" data-name=\"mail\"><input size=\"40\" maxlength=\"400\" class=\"wpcf7-form-control wpcf7-email wpcf7-validates-as-required wpcf7-text wpcf7-validates-as-email\" aria-required=\"true\" aria-invalid=\"false\" placeholder=\"E-mail\" value=\"\" type=\"email\" name=\"mail\" \/><\/span><span class=\"wpcf7-form-control-wrap\" data-name=\"missatge\"><textarea cols=\"40\" rows=\"10\" maxlength=\"2000\" class=\"wpcf7-form-control wpcf7-textarea\" aria-invalid=\"false\" placeholder=\"Explicaci\u00f3n de mi caso\" name=\"missatge\"><\/textarea><\/span><span class=\"wpcf7-form-control-wrap\" data-name=\"acceptance-137\"><span class=\"wpcf7-form-control wpcf7-acceptance\"><span class=\"wpcf7-list-item\"><label><input type=\"checkbox\" name=\"acceptance-137\" value=\"1\" aria-invalid=\"false\" \/><span class=\"wpcf7-list-item-label\">\u00a0Acepto la <a href=\"\/politica-de-privacidad\" target=\"_blank\">Pol\u00edtica de Privacidad<\/a><\/span><\/label><\/span><\/span><\/span><input class=\"wpcf7-form-control wpcf7-submit has-spinner\" type=\"submit\" value=\"ENVIAR\" \/>\n<\/p><p style=\"display: none !important;\" class=\"akismet-fields-container\" data-prefix=\"_wpcf7_ak_\"><label>&#916;<textarea name=\"_wpcf7_ak_hp_textarea\" cols=\"45\" rows=\"8\" maxlength=\"100\"><\/textarea><\/label><input type=\"hidden\" id=\"ak_js_1\" name=\"_wpcf7_ak_js\" value=\"83\"\/><script>\ndocument.getElementById( \"ak_js_1\" ).setAttribute( \"value\", ( new Date() ).getTime() );\n<\/script>\n<\/p><div class=\"wpcf7-response-output\" aria-hidden=\"true\"><\/div>\n<\/form>\n<\/div>\n[\/vc_column][vc_column width=\u00bb1\/2&#8243; css=\u00bb.vc_custom_1637321389668{background-image: url(https:\/\/www.reynesadvocat.com\/wp-content\/uploads\/2020\/08\/contacta.jpg?id=566) !important;background-position: center !important;background-repeat: no-repeat !important;background-size: cover !important;}\u00bb el_class=\u00bbfoto-form\u00bb][\/vc_column][\/vc_row]<\/p>\n<\/div>","protected":false},"excerpt":{"rendered":"<p>[vc_row full_width=\u00bbstretch_row_content\u00bb equal_height=\u00bbyes\u00bb content_placement=\u00bbmiddle\u00bb el_class=\u00bbinvert\u00bb][vc_column width=\u00bb5\/12&#8243; css=\u00bb.vc_custom_1589538925319{background-color: #ffffff !important;}\u00bb el_class=\u00bboverlay-div\u00bb][vc_column_text el_class=\u00bbjustify\u00bb css=\u00bb.vc_custom_1637064531054{margin-bottom: 0px !important;padding-bottom: 0px !important;}\u00bb] \u00bfQUI\u00c9N SOY? Soy Ricard Reyn\u00e9s, abogado laboralista con la vocaci\u00f3n de ayudar a las personas . Desde que me licenci\u00e9 como abogado &#8211; ya hace una quincena de a\u00f1os &#8211; me he dedicado al Derecho del Trabajo y de&hellip;<\/p>\n","protected":false},"author":1,"featured_media":0,"parent":0,"menu_order":0,"comment_status":"closed","ping_status":"closed","template":"","meta":{"footnotes":""},"class_list":["post-455","page","type-page","status-publish","hentry","description-off"],"yoast_head":"<!-- This site is optimized with the Yoast SEO plugin v27.4 - https:\/\/yoast.com\/product\/yoast-seo-wordpress\/ -->\n<title>Equipo - Reyn\u00e9s Advocat SLP<\/title>\n<meta name=\"robots\" content=\"index, follow, max-snippet:-1, max-image-preview:large, max-video-preview:-1\" \/>\n<link rel=\"canonical\" href=\"https:\/\/www.reynesadvocat.com\/es\/equipo\/\" \/>\n<meta property=\"og:locale\" content=\"es_ES\" \/>\n<meta property=\"og:type\" content=\"article\" \/>\n<meta property=\"og:title\" content=\"Equipo - Reyn\u00e9s Advocat SLP\" \/>\n<meta property=\"og:description\" content=\"[vc_row full_width=\u00bbstretch_row_content\u00bb equal_height=\u00bbyes\u00bb content_placement=\u00bbmiddle\u00bb el_class=\u00bbinvert\u00bb][vc_column width=\u00bb5\/12&#8243; css=\u00bb.vc_custom_1589538925319{background-color: #ffffff !important;}\u00bb el_class=\u00bboverlay-div\u00bb][vc_column_text el_class=\u00bbjustify\u00bb css=\u00bb.vc_custom_1637064531054{margin-bottom: 0px !important;padding-bottom: 0px !important;}\u00bb] \u00bfQUI\u00c9N SOY? Soy Ricard Reyn\u00e9s, abogado laboralista con la vocaci\u00f3n de ayudar a las personas . Desde que me licenci\u00e9 como abogado &#8211; ya hace una quincena de a\u00f1os &#8211; me he dedicado al Derecho del Trabajo y de&hellip;\" \/>\n<meta property=\"og:url\" content=\"https:\/\/www.reynesadvocat.com\/es\/equipo\/\" \/>\n<meta property=\"og:site_name\" content=\"Reyn\u00e9s Advocat SLP\" \/>\n<meta property=\"article:modified_time\" content=\"2021-11-19T11:29:51+00:00\" \/>\n<meta name=\"twitter:card\" content=\"summary_large_image\" \/>\n<meta name=\"twitter:label1\" content=\"Tiempo de lectura\" \/>\n\t<meta name=\"twitter:data1\" content=\"7 minutos\" \/>\n<script type=\"application\/ld+json\" class=\"yoast-schema-graph\">{\"@context\":\"https:\\\/\\\/schema.org\",\"@graph\":[{\"@type\":\"WebPage\",\"@id\":\"https:\\\/\\\/www.reynesadvocat.com\\\/es\\\/equipo\\\/\",\"url\":\"https:\\\/\\\/www.reynesadvocat.com\\\/es\\\/equipo\\\/\",\"name\":\"Equipo - Reyn\u00e9s Advocat SLP\",\"isPartOf\":{\"@id\":\"https:\\\/\\\/www.reynesadvocat.com\\\/#website\"},\"datePublished\":\"2020-05-09T14:10:38+00:00\",\"dateModified\":\"2021-11-19T11:29:51+00:00\",\"breadcrumb\":{\"@id\":\"https:\\\/\\\/www.reynesadvocat.com\\\/es\\\/equipo\\\/#breadcrumb\"},\"inLanguage\":\"es\",\"potentialAction\":[{\"@type\":\"ReadAction\",\"target\":[\"https:\\\/\\\/www.reynesadvocat.com\\\/es\\\/equipo\\\/\"]}]},{\"@type\":\"BreadcrumbList\",\"@id\":\"https:\\\/\\\/www.reynesadvocat.com\\\/es\\\/equipo\\\/#breadcrumb\",\"itemListElement\":[{\"@type\":\"ListItem\",\"position\":1,\"name\":\"Portada\",\"item\":\"https:\\\/\\\/www.reynesadvocat.com\\\/es\\\/sample-page\\\/\"},{\"@type\":\"ListItem\",\"position\":2,\"name\":\"Equipo\"}]},{\"@type\":\"WebSite\",\"@id\":\"https:\\\/\\\/www.reynesadvocat.com\\\/#website\",\"url\":\"https:\\\/\\\/www.reynesadvocat.com\\\/\",\"name\":\"Reyn\u00e9s Advocat SLP\",\"description\":\"\",\"publisher\":{\"@id\":\"https:\\\/\\\/www.reynesadvocat.com\\\/#organization\"},\"potentialAction\":[{\"@type\":\"SearchAction\",\"target\":{\"@type\":\"EntryPoint\",\"urlTemplate\":\"https:\\\/\\\/www.reynesadvocat.com\\\/?s={search_term_string}\"},\"query-input\":{\"@type\":\"PropertyValueSpecification\",\"valueRequired\":true,\"valueName\":\"search_term_string\"}}],\"inLanguage\":\"es\"},{\"@type\":\"Organization\",\"@id\":\"https:\\\/\\\/www.reynesadvocat.com\\\/#organization\",\"name\":\"Reyn\u00e9s Advocat SLP\",\"url\":\"https:\\\/\\\/www.reynesadvocat.com\\\/\",\"logo\":{\"@type\":\"ImageObject\",\"inLanguage\":\"es\",\"@id\":\"https:\\\/\\\/www.reynesadvocat.com\\\/#\\\/schema\\\/logo\\\/image\\\/\",\"url\":\"\",\"contentUrl\":\"\",\"caption\":\"Reyn\u00e9s Advocat SLP\"},\"image\":{\"@id\":\"https:\\\/\\\/www.reynesadvocat.com\\\/#\\\/schema\\\/logo\\\/image\\\/\"}}]}<\/script>\n<!-- \/ Yoast SEO plugin. -->","yoast_head_json":{"title":"Equipo - Reyn\u00e9s Advocat SLP","robots":{"index":"index","follow":"follow","max-snippet":"max-snippet:-1","max-image-preview":"max-image-preview:large","max-video-preview":"max-video-preview:-1"},"canonical":"https:\/\/www.reynesadvocat.com\/es\/equipo\/","og_locale":"es_ES","og_type":"article","og_title":"Equipo - Reyn\u00e9s Advocat SLP","og_description":"[vc_row full_width=\u00bbstretch_row_content\u00bb equal_height=\u00bbyes\u00bb content_placement=\u00bbmiddle\u00bb el_class=\u00bbinvert\u00bb][vc_column width=\u00bb5\/12&#8243; css=\u00bb.vc_custom_1589538925319{background-color: #ffffff !important;}\u00bb el_class=\u00bboverlay-div\u00bb][vc_column_text el_class=\u00bbjustify\u00bb css=\u00bb.vc_custom_1637064531054{margin-bottom: 0px !important;padding-bottom: 0px !important;}\u00bb] \u00bfQUI\u00c9N SOY? Soy Ricard Reyn\u00e9s, abogado laboralista con la vocaci\u00f3n de ayudar a las personas . Desde que me licenci\u00e9 como abogado &#8211; ya hace una quincena de a\u00f1os &#8211; me he dedicado al Derecho del Trabajo y de&hellip;","og_url":"https:\/\/www.reynesadvocat.com\/es\/equipo\/","og_site_name":"Reyn\u00e9s Advocat SLP","article_modified_time":"2021-11-19T11:29:51+00:00","twitter_card":"summary_large_image","twitter_misc":{"Tiempo de lectura":"7 minutos"},"schema":{"@context":"https:\/\/schema.org","@graph":[{"@type":"WebPage","@id":"https:\/\/www.reynesadvocat.com\/es\/equipo\/","url":"https:\/\/www.reynesadvocat.com\/es\/equipo\/","name":"Equipo - Reyn\u00e9s Advocat SLP","isPartOf":{"@id":"https:\/\/www.reynesadvocat.com\/#website"},"datePublished":"2020-05-09T14:10:38+00:00","dateModified":"2021-11-19T11:29:51+00:00","breadcrumb":{"@id":"https:\/\/www.reynesadvocat.com\/es\/equipo\/#breadcrumb"},"inLanguage":"es","potentialAction":[{"@type":"ReadAction","target":["https:\/\/www.reynesadvocat.com\/es\/equipo\/"]}]},{"@type":"BreadcrumbList","@id":"https:\/\/www.reynesadvocat.com\/es\/equipo\/#breadcrumb","itemListElement":[{"@type":"ListItem","position":1,"name":"Portada","item":"https:\/\/www.reynesadvocat.com\/es\/sample-page\/"},{"@type":"ListItem","position":2,"name":"Equipo"}]},{"@type":"WebSite","@id":"https:\/\/www.reynesadvocat.com\/#website","url":"https:\/\/www.reynesadvocat.com\/","name":"Reyn\u00e9s Advocat SLP","description":"","publisher":{"@id":"https:\/\/www.reynesadvocat.com\/#organization"},"potentialAction":[{"@type":"SearchAction","target":{"@type":"EntryPoint","urlTemplate":"https:\/\/www.reynesadvocat.com\/?s={search_term_string}"},"query-input":{"@type":"PropertyValueSpecification","valueRequired":true,"valueName":"search_term_string"}}],"inLanguage":"es"},{"@type":"Organization","@id":"https:\/\/www.reynesadvocat.com\/#organization","name":"Reyn\u00e9s Advocat SLP","url":"https:\/\/www.reynesadvocat.com\/","logo":{"@type":"ImageObject","inLanguage":"es","@id":"https:\/\/www.reynesadvocat.com\/#\/schema\/logo\/image\/","url":"","contentUrl":"","caption":"Reyn\u00e9s Advocat SLP"},"image":{"@id":"https:\/\/www.reynesadvocat.com\/#\/schema\/logo\/image\/"}}]}},"_links":{"self":[{"href":"https:\/\/www.reynesadvocat.com\/es\/wp-json\/wp\/v2\/pages\/455","targetHints":{"allow":["GET"]}}],"collection":[{"href":"https:\/\/www.reynesadvocat.com\/es\/wp-json\/wp\/v2\/pages"}],"about":[{"href":"https:\/\/www.reynesadvocat.com\/es\/wp-json\/wp\/v2\/types\/page"}],"author":[{"embeddable":true,"href":"https:\/\/www.reynesadvocat.com\/es\/wp-json\/wp\/v2\/users\/1"}],"replies":[{"embeddable":true,"href":"https:\/\/www.reynesadvocat.com\/es\/wp-json\/wp\/v2\/comments?post=455"}],"version-history":[{"count":18,"href":"https:\/\/www.reynesadvocat.com\/es\/wp-json\/wp\/v2\/pages\/455\/revisions"}],"predecessor-version":[{"id":776,"href":"https:\/\/www.reynesadvocat.com\/es\/wp-json\/wp\/v2\/pages\/455\/revisions\/776"}],"wp:attachment":[{"href":"https:\/\/www.reynesadvocat.com\/es\/wp-json\/wp\/v2\/media?parent=455"}],"curies":[{"name":"wp","href":"https:\/\/api.w.org\/{rel}","templated":true}]}}